{"id":542,"date":"2010-08-29T17:42:33","date_gmt":"2010-08-29T16:42:33","guid":{"rendered":"http:\/\/www.w124.org\/sitepublic\/blog\/?page_id=542"},"modified":"2024-04-25T15:52:14","modified_gmt":"2024-04-25T13:52:14","slug":"presentation","status":"publish","type":"page","link":"https:\/\/www.w124.org\/sitepublic\/?page_id=542","title":{"rendered":"Pr\u00e9sentation"},"content":{"rendered":"<h3>S\u00e9ville (Espagne) novembre 1984<\/h3>\n<table style=\"height: 329px; width: 100%;\" width=\"970\">\n<tbody>\n<tr>\n<td style=\"text-align: justify; width: 78.4066%;\">Lors de la conf\u00e9rence de presse donn\u00e9e \u00e0 S\u00e9ville le 26 novembre 1984 pour la pr\u00e9sentation officielle \u00e0 la presse de la nouvelle Mercedes-Benz s\u00e9rie 200-300 (W124) \u00e9taient pr\u00e9sents les repr\u00e9sentants de la Daimler-Benz AG de l&rsquo;\u00e9poque : Dr Rudolf H\u00f6rning, membre du directoire responsable du ressort \u00ab\u00a0recherche et d\u00e9veloppement\u00a0\u00bb, Friedrich-H van Winsen, directeur du bureau de d\u00e9veloppement, Dr Bernd Gottschalk, directeur des relations publiques et G\u00fcnther Molter, chef de la presse (<em>Photo Thomas Weisshaar<\/em>)<\/td>\n<td style=\"width: 79.3548%;\"><a href=\"\/sitepublic\/wp-content\/uploads\/2010\/08\/directoire.jpg\"><img class=\"size-full wp-image-598 alignright lws-optimize-lazyload\" title=\"directoire\"  alt=\"\" width=\"320\" height=\"141\" data-src=\"\/sitepublic\/wp-content\/uploads\/2010\/08\/directoire.jpg\" srcset=\"https:\/\/www.w124.org\/sitepublic\/wp-content\/uploads\/2010\/08\/directoire.jpg 320w, https:\/\/www.w124.org\/sitepublic\/wp-content\/uploads\/2010\/08\/directoire-250x110.jpg 250w, https:\/\/www.w124.org\/sitepublic\/wp-content\/uploads\/2010\/08\/directoire-300x132.jpg 300w, https:\/\/www.w124.org\/sitepublic\/wp-content\/uploads\/2010\/08\/directoire-150x66.jpg 150w\" sizes=\"(max-width: 320px) 100vw, 320px\" \/><\/a><\/td>\n<\/tr>\n<tr>\n<td style=\"text-align: justify; width: 157.761%;\" colspan=\"2\"><a href=\"\/sitepublic\/wp-content\/uploads\/2010\/08\/seville.jpg\"><img class=\"aligncenter size-full wp-image-818 lws-optimize-lazyload\" title=\"seville\"  alt=\"\" width=\"772\" height=\"128\" data-src=\"\/sitepublic\/wp-content\/uploads\/2010\/08\/seville.jpg\" srcset=\"https:\/\/www.w124.org\/sitepublic\/wp-content\/uploads\/2010\/08\/seville.jpg 772w, https:\/\/www.w124.org\/sitepublic\/wp-content\/uploads\/2010\/08\/seville-250x41.jpg 250w, https:\/\/www.w124.org\/sitepublic\/wp-content\/uploads\/2010\/08\/seville-600x99.jpg 600w, https:\/\/www.w124.org\/sitepublic\/wp-content\/uploads\/2010\/08\/seville-300x49.jpg 300w, https:\/\/www.w124.org\/sitepublic\/wp-content\/uploads\/2010\/08\/seville-150x24.jpg 150w, https:\/\/www.w124.org\/sitepublic\/wp-content\/uploads\/2010\/08\/seville-400x66.jpg 400w\" sizes=\"(max-width: 772px) 100vw, 772px\" \/><\/a><\/td>\n<\/tr>\n<tr>\n<td style=\"text-align: justify; width: 157.761%;\" colspan=\"2\">Sur ces clich\u00e9s on peut voir Juan M.Fangio \u00e9merveill\u00e9 par la s\u00e9rie w124, le professeur Werner Breitschwerdt, Pr\u00e9sident du directoire de la Daimler-Benz, un journaliste lors de l&rsquo;essai d&rsquo;une des 50 W124 pr\u00e9sentes, Dr Rudolf H\u00f6rning accueillant les journalistes, et une W124 entour\u00e9e de deux cavaliers andalous.<\/td>\n<\/tr>\n<\/tbody>\n<\/table>\n<table style=\"width: 100%;\">\n<tbody>\n<tr>\n<td style=\"width: 21.367%;\"><a href=\"\/sitepublic\/wp-content\/uploads\/2010\/08\/Seville1984_2.jpg\"><img class=\"alignleft size-full wp-image-622 lws-optimize-lazyload\" title=\"Seville1984_2\"  alt=\"\" width=\"300\" height=\"203\" data-src=\"\/sitepublic\/wp-content\/uploads\/2010\/08\/Seville1984_2.jpg\" srcset=\"https:\/\/www.w124.org\/sitepublic\/wp-content\/uploads\/2010\/08\/Seville1984_2.jpg 300w, https:\/\/www.w124.org\/sitepublic\/wp-content\/uploads\/2010\/08\/Seville1984_2-250x169.jpg 250w, https:\/\/www.w124.org\/sitepublic\/wp-content\/uploads\/2010\/08\/Seville1984_2-150x101.jpg 150w\" sizes=\"(max-width: 300px) 100vw, 300px\" \/><\/a><\/td>\n<td style=\"width: 58.8424%;\">\n<p style=\"text-align: justify;\">A l&rsquo;occasion de cette pr\u00e9sentation, un grand nombre d&rsquo;objets expos\u00e9s mat\u00e9rialisaient dans le d\u00e9tail l&rsquo;incomparable technique de la nouvelle gamme Moyenne Mercedes. 7 ann\u00e9es de travaux furent n\u00e9cessaires pour atteindre le summum de la technique et du design de la s\u00e9rie 200-300. \u00ab\u00a0Cette gamme donne ainsi \u00e0 la raison et au progr\u00e8s une nouvelle dimension : un id\u00e9al fascinant et convaincant, portant la sagesse automobile au plus haut niveau de la technique de pointe Mercedes\u00a0\u00bb. Ainsi s&rsquo;exprimait le r\u00e9dacteur en chef Hellmuth Hirschel dans son \u00e9ditoriale de la revue&nbsp; interne Mercedes \u00ab\u00a0in aller Weilt\u00a0\u00bb fin 1984.<\/p>\n<\/td>\n<td style=\"width: 79.4624%;\"><a href=\"\/sitepublic\/wp-content\/uploads\/2010\/08\/ZZ3D22C43F.jpg\"><img class=\"alignright size-full wp-image-806 lws-optimize-lazyload\" title=\"ZZ3D22C43F\"  alt=\"\" width=\"283\" height=\"203\" data-src=\"\/sitepublic\/wp-content\/uploads\/2010\/08\/ZZ3D22C43F.jpg\" srcset=\"https:\/\/www.w124.org\/sitepublic\/wp-content\/uploads\/2010\/08\/ZZ3D22C43F.jpg 283w, https:\/\/www.w124.org\/sitepublic\/wp-content\/uploads\/2010\/08\/ZZ3D22C43F-250x179.jpg 250w, https:\/\/www.w124.org\/sitepublic\/wp-content\/uploads\/2010\/08\/ZZ3D22C43F-150x107.jpg 150w\" sizes=\"(max-width: 283px) 100vw, 283px\" \/><\/a><\/td>\n<\/tr>\n<tr>\n<td style=\"width: 159.672%;\" colspan=\"3\">\n<h3 style=\"text-align: justify;\">Le progr\u00e8s: il fait la diff\u00e9rence.<\/h3>\n<\/td>\n<\/tr>\n<tr>\n<td style=\"text-align: justify; width: 159.672%;\" colspan=\"3\">C&rsquo;est en ces termes que Mercedes-Benz pr\u00e9senta sa nouvelle gamme moyenne 200D \u00e0 300E en novembre\/d\u00e9cembre 1984. La W124 pr\u00e9sente un nouvel exemple du concept de voitures \u00e9prouv\u00e9 dans le monde entier par Mercedes-Benz, \u00e0 savoir des berlines con\u00e7ues pour les loisirs en famille et les d\u00e9placements professionnels. Dot\u00e9e d&rsquo;un tr\u00e8s grand nombre d&rsquo;innovations techniques et de qualit\u00e9s vraiment \u00e9tonnantes pour l&rsquo;\u00e9poque (son Cx de 0,29 est un record pour une berline tri-corps), la nouvelle gamme moyenne pouvait \u00eatre qualifi\u00e9e de \u00ab\u00a0nouvelle g\u00e9n\u00e9ration\u00a0\u00bb. La qualit\u00e9, la s\u00fbret\u00e9 de fonctionnement, le maintien de la valeur sont toujours pr\u00e9sents dans une W124. A la fin du 20eme si\u00e8cle Mercedes accentue son programme de voiture propre. Sur la 3\u00e8me photo, les couleurs correspondent aux \u00e9l\u00e9ments recyclables ou constitu\u00e9s de mat\u00e9riaux de r\u00e9cup\u00e9ration. L\u00e0 encore Mercedes est en avance sur bien des constructeurs au milieu des ann\u00e9es 80.<\/td>\n<\/tr>\n<tr>\n<td style=\"width: 159.672%;\" colspan=\"3\">&nbsp;&nbsp;&nbsp;<a href=\"\/sitepublic\/wp-content\/uploads\/2010\/08\/presentw124.jpg\"><img class=\"aligncenter size-full wp-image-820 lws-optimize-lazyload\" title=\"presentw124\"  alt=\"\" width=\"864\" height=\"138\" data-src=\"\/sitepublic\/wp-content\/uploads\/2010\/08\/presentw124.jpg\" srcset=\"https:\/\/www.w124.org\/sitepublic\/wp-content\/uploads\/2010\/08\/presentw124.jpg 864w, https:\/\/www.w124.org\/sitepublic\/wp-content\/uploads\/2010\/08\/presentw124-250x40.jpg 250w, https:\/\/www.w124.org\/sitepublic\/wp-content\/uploads\/2010\/08\/presentw124-600x96.jpg 600w, https:\/\/www.w124.org\/sitepublic\/wp-content\/uploads\/2010\/08\/presentw124-300x47.jpg 300w, https:\/\/www.w124.org\/sitepublic\/wp-content\/uploads\/2010\/08\/presentw124-150x23.jpg 150w, https:\/\/www.w124.org\/sitepublic\/wp-content\/uploads\/2010\/08\/presentw124-400x63.jpg 400w\" sizes=\"(max-width: 864px) 100vw, 864px\" \/><\/a><\/p>\n<div style=\"text-align: justify;\"><a href=\"\/sitepublic\/wp-content\/uploads\/2010\/08\/calandres.jpg\"><img class=\"alignleft size-full wp-image-835 lws-optimize-lazyload\" title=\"calandres\"  alt=\"\" width=\"300\" height=\"190\" data-src=\"\/sitepublic\/wp-content\/uploads\/2010\/08\/calandres.jpg\" srcset=\"https:\/\/www.w124.org\/sitepublic\/wp-content\/uploads\/2010\/08\/calandres.jpg 300w, https:\/\/www.w124.org\/sitepublic\/wp-content\/uploads\/2010\/08\/calandres-250x158.jpg 250w, https:\/\/www.w124.org\/sitepublic\/wp-content\/uploads\/2010\/08\/calandres-150x95.jpg 150w\" sizes=\"(max-width: 300px) 100vw, 300px\" \/><\/a>Figures embl\u00e9matiques par excellence, les \u00e9l\u00e9ments communs \u00e0 toutes les Mercedes-Benz sont incontestablement l&rsquo;\u00e9toile et la calandre. Sur ce clich\u00e9 on voit l&rsquo;\u00e9volution du design depuis les ann\u00e9es 50 jusqu&rsquo;au milieu des ann\u00e9es 80. La calandre se r\u00e9duit, elle devient horizontale tout en s&rsquo;inclinant vers l&rsquo;arri\u00e8re pour favoriser la p\u00e9n\u00e9tration dans l&rsquo;air. Les phares rectangulaires perdent totalement la forme arrondie qui \u00e9tait symbolique sur les Mercedes-Benz jusqu&rsquo;\u00e0 l&rsquo;arriv\u00e9e de la W201 en 1982. Le plastique et les mat\u00e9riaux composites se g\u00e9n\u00e9ralisent progressivement avec l&rsquo;arriv\u00e9e de cette nouvelle g\u00e9n\u00e9ration de Mercedes-Benz. L&rsquo;objectif est d&rsquo;am\u00e9liorer la s\u00e9curit\u00e9 en cas d&rsquo;accident, de r\u00e9duire la consommation et d&rsquo;assurer un recyclage optimal du v\u00e9hicule une fois sa vie achev\u00e9e. D\u00e8s 1984 Mercedes lance les grandes lignes de ce que seront les v\u00e9hicules du 21\u00e8me si\u00e8cle.<\/div>\n<\/td>\n<\/tr>\n<tr>\n<td style=\"text-align: justify; width: 159.672%;\" colspan=\"3\">C&rsquo;est tr\u00e8s pr\u00e9cis\u00e9ment le 9 janvier 1985 que les 1294 premi\u00e8res unit\u00e9s de la nouvelle classe moyenne Mercedes (s\u00e9rie 124) partent de l&rsquo;usine de Sindelfingen pour rallier les distributeurs allemands et quelques collaborateurs privil\u00e9gi\u00e9s. Le lancement officiel de cette nouvelle s\u00e9rie d\u00e9bute le 10 janvier 1985.<span style=\"color: #ffffff;\">.<\/span><\/td>\n<\/tr>\n<\/tbody>\n<\/table>\n<table>\n<tbody>\n<tr>\n<td colspan=\"3\">\n<h3>Pr\u00e9sentation officielle sur le stand Mercedes-Benz lors du Frankfurt International Motor Show (1985)<\/h3>\n<\/td>\n<\/tr>\n<tr>\n<td><img  alt=\"1\" width=\"300\" height=\"195\" class=\"lws-optimize-lazyload\" data-src=\"w124\/motorshow1985.jpg\"><\/td>\n<td style=\"text-align: justify;\">Comme on peut le voir sur ces deux photos, la pr\u00e9sentation au public de la s\u00e9rie W124 en 1985 lors de l&rsquo;International Motor Show a attir\u00e9 une foule venue en masse et cr\u00e9\u00e9 un v\u00e9ritable \u00e9lan de curiosit\u00e9 autour de la nouvelle berline de la firme de Stuttgart.<\/td>\n<td><img  alt=\"1\" width=\"300\" height=\"195\" class=\"lws-optimize-lazyload\" data-src=\"w124\/motorshow1985bis.jpg\"><\/td>\n<\/tr>\n<\/tbody>\n<\/table>\n<h3>w123 \/ w124 ce qui change<\/h3>\n<table border=\"0\" cellspacing=\"0\" cellpadding=\"0\" align=\"center\">\n<tbody>\n<tr>\n<td>\n<table style=\"width: 100%;\" border=\"0\" cellspacing=\"5\" cellpadding=\"0\">\n<tbody>\n<tr>\n<td>\n<div><img  alt=\"1\" width=\"200\" height=\"134\" class=\"lws-optimize-lazyload\" data-src=\"pictos\/W123_1.jpg\"><\/div>\n<\/td>\n<td>\n<div><img  alt=\"1\" width=\"200\" height=\"134\" class=\"lws-optimize-lazyload\" data-src=\"pictos\/W123_2.jpg\"><\/div>\n<\/td>\n<td>\n<div><img  alt=\"1\" width=\"200\" height=\"134\" class=\"lws-optimize-lazyload\" data-src=\"pictos\/W123_3.jpg\"><\/div>\n<\/td>\n<\/tr>\n<\/tbody>\n<\/table>\n<\/td>\n<\/tr>\n<tr>\n<td>\n<div class=\"Style5\">Rempla\u00e7ante de la serie W123, les W124 quatre cylindres sont factur\u00e9es au prix de la s\u00e9rie W123.<\/div>\n<\/td>\n<\/tr>\n<tr>\n<td>\n<table style=\"width: 100%;\" border=\"0\" cellspacing=\"5\" cellpadding=\"0\">\n<tbody>\n<tr>\n<td width=\"33%\">\n<div><img  alt=\"1\" width=\"214\" height=\"133\" class=\"lws-optimize-lazyload\" data-src=\"pictos\/avant.jpg\"><\/div>\n<\/td>\n<td width=\"34%\">\n<div><img  alt=\"1\" width=\"170\" height=\"134\" class=\"lws-optimize-lazyload\" data-src=\"pictos\/trio_w124.jpg\"><\/div>\n<\/td>\n<td width=\"33%\">\n<div><img  alt=\"1\" width=\"215\" height=\"133\" class=\"lws-optimize-lazyload\" data-src=\"pictos\/interieur.jpg\"><\/div>\n<\/td>\n<\/tr>\n<tr>\n<td class=\"Style5\" colspan=\"3\">\n<div style=\"text-align: justify;\">Diff\u00e9rentes par leurs moteurs et leurs performances, les W124 sont identiques dans leur conception, leurs caract\u00e9ristiques et aussi l&rsquo;\u00e9tendue de leur nouvelle technicit\u00e9 qui constitue \u00e0 coup s\u00fbr un crit\u00e8re de r\u00e9f\u00e9rence pour cette cat\u00e9gorie de voitures au milieu des ann\u00e9es 80.<\/div>\n<\/td>\n<\/tr>\n<\/tbody>\n<\/table>\n<table style=\"width: 100%;\" border=\"0\" cellspacing=\"0\" cellpadding=\"0\">\n<tbody>\n<tr>\n<td>\n<table style=\"width: 100%;\" border=\"0\" cellspacing=\"5\" cellpadding=\"0\">\n<tbody>\n<tr>\n<td width=\"33%\">\n<div><img  alt=\"1\" width=\"200\" height=\"134\" class=\"lws-optimize-lazyload\" data-src=\"pictos\/w124_1.jpg\"><\/div>\n<\/td>\n<td width=\"34%\">\n<div><img  alt=\"1\" width=\"200\" height=\"134\" class=\"lws-optimize-lazyload\" data-src=\"pictos\/w124_2.jpg\"><\/div>\n<\/td>\n<td width=\"33%\">\n<div><img  alt=\"1\" width=\"200\" height=\"134\" class=\"lws-optimize-lazyload\" data-src=\"pictos\/w124_3.jpg\"><\/div>\n<\/td>\n<\/tr>\n<tr>\n<td>&nbsp;<\/td>\n<td>&nbsp;<\/td>\n<td>&nbsp;<\/td>\n<\/tr>\n<tr>\n<td colspan=\"3\">\n<div class=\"Style5\" style=\"text-align: justify;\">Pr\u00e9sent\u00e9e d&rsquo;abord en berline, la gamme w124 s&rsquo;\u00e9toffe d&rsquo;un break T en septembre 1985 lors de l&rsquo;IAA de Francfort. En mars 1987 c&rsquo;est au tour du coup\u00e9 d&rsquo;\u00eatre pr\u00e9sent\u00e9 au salon de Gen\u00e8ve et 6 mois plus tard \u00e0 l&rsquo;IAA de Francfort. En octobre 1990 \u00e0 Paris la gamme W124 atteint son apog\u00e9e avec la pr\u00e9sentation de la mythique 500E \u00e0 moteur V8 de 5 litres de cylindr\u00e9e et d\u00e9veloppant 326cv (factur\u00e9e 134520 marks) La carrosserie sur base de la 300E et le montage final sont pris en charge par Porsche \u00e0 Stuttgart-Zuffenhausen mais la peinture et la livraison reviennent \u00e0 Mercedes \u00e0 Sindelfigen.<\/div>\n<\/td>\n<\/tr>\n<\/tbody>\n<\/table>\n<\/td>\n<\/tr>\n<\/tbody>\n<\/table>\n<\/td>\n<\/tr>\n<\/tbody>\n<\/table>\n<h3>La s\u00e9curit\u00e9 avant tout<\/h3>\n<table border=\"0\" cellspacing=\"5\" cellpadding=\"0\" align=\"center\">\n<tbody>\n<tr>\n<td align=\"left\" valign=\"top\">\n<table style=\"width: 100%;\" border=\"0\" cellspacing=\"5\" cellpadding=\"0\">\n<tbody>\n<tr>\n<td>\n<div><img  alt=\"1\" width=\"159\" height=\"134\" class=\"lws-optimize-lazyload\" data-src=\"pictos\/acc7.jpg\"><\/div>\n<\/td>\n<td>\n<div><img  alt=\"1\" width=\"200\" height=\"133\" class=\"lws-optimize-lazyload\" data-src=\"pictos\/acc1.jpg\"><\/div>\n<\/td>\n<td>\n<div><img  alt=\"1\" width=\"199\" height=\"134\" class=\"lws-optimize-lazyload\" data-src=\"pictos\/acc6.jpg\"><\/div>\n<\/td>\n<\/tr>\n<\/tbody>\n<\/table>\n<\/td>\n<\/tr>\n<tr>\n<td align=\"left\" valign=\"top\">\n<div>\n<p class=\"Style5\" style=\"text-align: justify;\">Certains syst\u00e8mes de s\u00e9curit\u00e9 ont fait leur apparition sur les W124. Une r\u00e9sistance am\u00e9lior\u00e9e de l&rsquo;habitacle en cas de collision lat\u00e9rale, des zones de contact particuli\u00e8rement souples \u00e0 l&rsquo;avant en cas de choc avec un pi\u00e9ton ou un cycliste. Des serrures tr\u00e8s r\u00e9sistantes qui ne s&rsquo;ouvrent pas en cas de choc mais qui ne se bloquent pas pour sortir du v\u00e9hicule. La planche de bord rembourr\u00e9e \u00e0 la hauteur des genoux et sp\u00e9cialement con\u00e7ue pour amortir les chocs. Des traverses tr\u00e8s solides entre les montants avant \u00e9vitent la p\u00e9n\u00e9tration du tableau de bord dans l&rsquo;habitacle et pr\u00e9servent l&rsquo;espace r\u00e9serv\u00e9 aux jambes. Les p\u00e9dales basculent vers l&rsquo;avant en direction du tablier pour \u00e9viter des blessures aux pieds.<\/p>\n<\/div>\n<\/td>\n<\/tr>\n<tr>\n<td align=\"left\" valign=\"top\">\n<table style=\"width: 100%;\" border=\"0\" cellspacing=\"5\" cellpadding=\"0\">\n<tbody>\n<tr>\n<td>\n<div><img  alt=\"1\" width=\"200\" height=\"133\" class=\"lws-optimize-lazyload\" data-src=\"pictos\/acc4.jpg\"><\/div>\n<\/td>\n<td>\n<div><img  alt=\"1\" width=\"200\" height=\"134\" class=\"lws-optimize-lazyload\" data-src=\"pictos\/acc5.jpg\"><\/div>\n<\/td>\n<td>\n<div><img  alt=\"1\" width=\"200\" height=\"134\" class=\"lws-optimize-lazyload\" data-src=\"pictos\/acc3.jpg\"><\/div>\n<\/td>\n<\/tr>\n<\/tbody>\n<\/table>\n<\/td>\n<\/tr>\n<tr>\n<td class=\"Style5\" align=\"left\" valign=\"top\">\n<div>Le r\u00e9servoir d&rsquo;essence prot\u00e9g\u00e9 au dessus du pont arri\u00e8re. Le coffre \u00e0 bagages ainsi que la roue de secours servent \u00e0 l&rsquo;absorption de l&rsquo;\u00e9nergie d&rsquo;impact en cas de collision arri\u00e8re. Apr\u00e8s un choc, l&rsquo;habitacle conserve sa forme initiale et les 4 portes peuvent s&rsquo;ouvrir ais\u00e9ment. Tout cela gr\u00e2ce aux dizaines de crash-tests effectu\u00e9 pour la mise au point des W124. La s\u00e9curit\u00e9 de bout en bout, encore une qualit\u00e9 Mercedes.<\/div>\n<\/td>\n<\/tr>\n<\/tbody>\n<\/table>\n<h3>Une multitude de d\u00e9clinaisons<\/h3>\n<table border=\"0\" cellspacing=\"5\" cellpadding=\"0\" align=\"center\">\n<tbody>\n<tr>\n<td width=\"33%\">\n<div><img  alt=\"1\" width=\"200\" height=\"135\" class=\"lws-optimize-lazyload\" data-src=\"pictos\/cab_02.jpg\"><\/div>\n<\/td>\n<td width=\"30%\">\n<div><img  alt=\"1\" width=\"200\" height=\"134\" class=\"lws-optimize-lazyload\" data-src=\"pictos\/500E.jpg\"><\/div>\n<\/td>\n<td width=\"37%\">\n<div><img  alt=\"1\" width=\"200\" height=\"134\" class=\"lws-optimize-lazyload\" data-src=\"pictos\/moteur500e.jpg\"><\/div>\n<\/td>\n<\/tr>\n<tr>\n<td>&nbsp;<\/td>\n<td>&nbsp;<\/td>\n<td>&nbsp;<\/td>\n<\/tr>\n<tr>\n<td colspan=\"3\">\n<div class=\"Style5\" style=\"text-align: justify;\">C&rsquo;est en septembre 1991 \u00e0 Francfort que le cabriolet 4 places (A124) 300CE fait son apparition alors qu&rsquo;en 1992 ce sont les moteurs multi-soupapes qui remplacent les anciens moteurs. De nouvelles motorisations arrivent au catalogue avec les 2.8L et 3.2L qui remplacent les anciens 3L sauf pour le cabriolet et la version 4-Matic (4&#215;4). La 400E est pr\u00e9sent\u00e9e en octobre 1992, elle co\u00fbte alors 50000 Marks de moins que la 500E. Elle propose une puissante l\u00e9g\u00e8rement inf\u00e9rieure que sa grande s\u0153ur avec ses 278cv, mais la vitesse est limit\u00e9e \u00e0 250km\/h pour ces deux mod\u00e8les. Les versions diesel des W124 adoptent \u00e9galement la technologie 4 soupapes par cylindre permettant ainsi \u00e0 la 300 diesel d&rsquo;\u00eatre pendant un temps le diesel le plus puissant du monde dans une berline.<\/div>\n<\/td>\n<\/tr>\n<\/tbody>\n<\/table>\n<table border=\"0\" cellspacing=\"5\" cellpadding=\"0\" align=\"center\">\n<tbody>\n<tr>\n<td align=\"left\" valign=\"top\">\n<div><img  alt=\"1\" width=\"200\" height=\"135\" class=\"lws-optimize-lazyload\" data-src=\"pictos\/moteurs_1.jpg\"><\/div>\n<\/td>\n<td align=\"left\" valign=\"top\">\n<div><img  alt=\"1\" width=\"200\" height=\"135\" class=\"lws-optimize-lazyload\" data-src=\"pictos\/bain.jpg\"><\/div>\n<\/td>\n<td align=\"left\" valign=\"top\">\n<div><img  alt=\"1\" width=\"200\" height=\"135\" class=\"lws-optimize-lazyload\" data-src=\"pictos\/moteurs_2.jpg\"><\/div>\n<\/td>\n<\/tr>\n<tr>\n<td align=\"left\" valign=\"top\">&nbsp;<\/td>\n<td align=\"left\" valign=\"top\">&nbsp;<\/td>\n<td align=\"left\" valign=\"top\">&nbsp;<\/td>\n<\/tr>\n<tr>\n<td class=\"Style5\" colspan=\"3\" align=\"left\" valign=\"top\">\n<div style=\"text-align: justify;\">En juin 1993 la W124 est propos\u00e9e avec un changement de calandre, de nouveaux phares, une malle de coffre modifi\u00e9e, quelques autres petits d\u00e9tails esth\u00e9tiques ainsi qu&rsquo;un \u00e9quipement enrichi. La W124 change aussi de nom et devient la \u00ab\u00a0Classe E\u00a0\u00bb. La rubrique <a href=\"\/sitepublic\/?page_id=28\"><span style=\"text-decoration: underline;\">versions<\/span><\/a> se charge de vous d\u00e9tailler les diff\u00e9rentes 124 entre 1984 et 1995.<\/div>\n<\/td>\n<\/tr>\n<\/tbody>\n<\/table>\n<table border=\"0\" cellspacing=\"5\" cellpadding=\"0\" align=\"center\">\n<tbody>\n<tr>\n<td colspan=\"3\">&nbsp;<\/td>\n<\/tr>\n<tr>\n<td width=\"33%\">\n<div><img  alt=\"1\" width=\"200\" height=\"150\" class=\"lws-optimize-lazyload\" data-src=\"pictos\/phase1.jpg\"><\/div>\n<\/td>\n<td width=\"29%\">\n<div><img  alt=\"1\" width=\"200\" height=\"150\" class=\"lws-optimize-lazyload\" data-src=\"pictos\/phase2.jpg\"><\/div>\n<\/td>\n<td width=\"38%\">\n<div><img  alt=\"1\" width=\"200\" height=\"150\" class=\"lws-optimize-lazyload\" data-src=\"pictos\/phase3.jpg\"><\/div>\n<\/td>\n<\/tr>\n<tr>\n<td class=\"Style5\">\n<div>&nbsp;Mill\u00e9sime 1984 &#8211; 1989<\/div>\n<\/td>\n<td class=\"Style5\">\n<div>&nbsp;Mill\u00e9sime 1990 &#8211; 1993<\/div>\n<\/td>\n<td class=\"Style5\">\n<div>Mill\u00e9sime 1994 &#8211; 1995<\/div>\n<\/td>\n<\/tr>\n<tr>\n<td colspan=\"3\">&nbsp;<\/td>\n<\/tr>\n<tr>\n<td class=\"Style5\" style=\"text-align: justify;\" colspan=\"3\">Mercedes n&rsquo;a pas oubli\u00e9 de d\u00e9cliner la 124 en limousine. Celle-ci f\u00fbt comme toujours appr\u00e9ci\u00e9e par les diplomates et autres fortunes du monde entier. D&rsquo;autres carrossiers ce sont \u00e9galement lanc\u00e9s dans la transformation \u00e0 rallonge de ce ch\u00e2ssis \u00e0 succ\u00e8s.<\/td>\n<\/tr>\n<tr>\n<td>\n<div><img  alt=\"1\" width=\"250\" height=\"145\" class=\"lws-optimize-lazyload\" data-src=\"w124\/limousine.jpg\"><\/div>\n<\/td>\n<td>\n<div><img  alt=\"1\" width=\"250\" height=\"145\" class=\"lws-optimize-lazyload\" data-src=\"w124\/limou_taxi.jpg\"><\/div>\n<\/td>\n<td>\n<div><img  alt=\"1\" width=\"250\" height=\"145\" class=\"lws-optimize-lazyload\" data-src=\"w124\/lemarquis.jpg\"><\/div>\n<\/td>\n<\/tr>\n<tr>\n<td class=\"Style5\">\n<div>w124 Limousine<\/div>\n<\/td>\n<td class=\"Style5\">\n<div>la version taxi<\/div>\n<\/td>\n<td class=\"Style5\">\n<div>w124 stretch par \u00ab\u00a0Lemarquis\u00a0\u00bb<\/div>\n<\/td>\n<\/tr>\n<\/tbody>\n<\/table>\n<table border=\"0\" cellspacing=\"5\" cellpadding=\"0\" align=\"center\">\n<tbody>\n<tr>\n<td>\n<div><img  alt=\"1\" width=\"250\" height=\"130\" class=\"lws-optimize-lazyload\" data-src=\"w124\/schulz_automobile_break.jpg\"><\/div>\n<\/td>\n<td>\n<div><img  alt=\"1\" width=\"200\" height=\"133\" class=\"lws-optimize-lazyload\" data-src=\"pictos\/ambulance.jpg\"><\/div>\n<\/td>\n<td>\n<div><img  alt=\"1\" width=\"200\" height=\"134\" class=\"lws-optimize-lazyload\" data-src=\"pictos\/corbillard.jpg\"><\/div>\n<\/td>\n<\/tr>\n<tr>\n<td class=\"Style5\" colspan=\"3\">\n<div style=\"text-align: justify;\">Les w124 n&rsquo;ont pas seulement \u00e9t\u00e9 des voitures de tourisme. Dans diff\u00e9rents pays leurs diverses d\u00e9clinaisons ont servit de base pour des v\u00e9hicules utilitaires. Ambulance, police, enterrement&#8230; preuve qu&rsquo;on peut tout faire avec une W124.<\/div>\n<\/td>\n<\/tr>\n<tr>\n<td>\n<div><img  alt=\"1\" width=\"200\" height=\"134\" class=\"lws-optimize-lazyload\" data-src=\"pictos\/polizei.jpg\"><\/div>\n<\/td>\n<td>\n<div><img  alt=\"1\" width=\"200\" height=\"134\" class=\"lws-optimize-lazyload\" data-src=\"w124\/police.jpg\"><\/div>\n<\/td>\n<td>\n<div><img  alt=\"1\" width=\"200\" height=\"134\" class=\"lws-optimize-lazyload\" data-src=\"w124\/W124taxi.jpg\"><\/div>\n<\/td>\n<\/tr>\n<\/tbody>\n<\/table>\n<h3>Vous aimerez beaucoup (tir\u00e9 d&rsquo;une revue auto de l&rsquo;\u00e9poque)<\/h3>\n<table border=\"0\" cellspacing=\"5\" cellpadding=\"0\" align=\"center\">\n<tbody>\n<tr>\n<td align=\"left\" valign=\"top\" width=\"100%\">\n<div class=\"Style5\">\n<p style=\"text-align: justify;\">Son confort feutr\u00e9: large habitabilit\u00e9, silence remarquable, surtout sur les versions diesel \u00e0 2 soupapes par cylindre. Bonne isolation de toutes les vibrations m\u00e9caniques et des bruits de roulement. La suspension filtre de fa\u00e7on exemplaire les petites in\u00e9galit\u00e9s du rev\u00eatement: bilan infiniment meilleur que sur la BMW S\u00e9rie 5 de la pr\u00e9c\u00e9dente g\u00e9n\u00e9ration. Sa douceur de conduite: les moteurs offrent un fonctionnement onctueux (surtout les 5,6 cylindres et les V8), la direction parfaitement assist\u00e9e n&rsquo;est jamais fatigante.<\/p>\n<table style=\"width: 100%;\" border=\"0\" cellspacing=\"5\" cellpadding=\"0\">\n<tbody>\n<tr valign=\"top\">\n<td width=\"33%\">\n<div><img  alt=\"1\" width=\"200\" height=\"134\" class=\"lws-optimize-lazyload\" data-src=\"photos\/eklf.jpg\"><\/div>\n<\/td>\n<td width=\"34%\">\n<div><img  alt=\"1\" width=\"199\" height=\"134\" class=\"lws-optimize-lazyload\" data-src=\"photos\/etoile_w124_2.jpg\"><\/div>\n<\/td>\n<td width=\"33%\">\n<div><img  alt=\"1\" width=\"200\" height=\"134\" class=\"lws-optimize-lazyload\" data-src=\"photos\/W124_04.jpg\"><\/div>\n<\/td>\n<\/tr>\n<\/tbody>\n<\/table>\n<p style=\"text-align: justify;\">Son freinage : \u00e0 la fois puissant et particuli\u00e8rement endurant, il est facile \u00e0 doser et ne perturbe en rien la stabilit\u00e9 de trajectoire. L&rsquo;ABS est g\u00e9n\u00e9ralis\u00e9 en s\u00e9rie \u00e0 toutes les versions \u00e0 partir de 1990. La boite automatique: elle se manifeste par sa docilit\u00e9 et sa grande progressivit\u00e9. Vraiment confortable. Le comportement des versions 4&#215;4 (4 Matic) : il offre une marge de s\u00e9curit\u00e9 accrue sur routes glissantes. Propos\u00e9 sur les 6 cylindres essence et diesel. La version break: bien \u00e9tudi\u00e9e, tr\u00e8s vaste et conservant toutes les qualit\u00e9s de la berline, sans aucun compromis \u00ab\u00a0utilitaire\u00a0\u00bb.<\/p>\n<\/div>\n<\/td>\n<\/tr>\n<\/tbody>\n<\/table>\n<h3>Du pr\u00e9parateur de g\u00e9nie \u00e0 la folie du tuning<\/h3>\n<table border=\"0\" cellspacing=\"0\" cellpadding=\"0\">\n<tbody>\n<tr>\n<td align=\"left\" valign=\"top\">\n<table style=\"width: 100%;\" border=\"0\" cellspacing=\"5\" cellpadding=\"0\">\n<tbody>\n<tr>\n<td>\n<div><img  alt=\"1\" width=\"200\" height=\"150\" class=\"lws-optimize-lazyload\" data-src=\"pictos\/W124_57.jpg\"><\/div>\n<\/td>\n<td>\n<div><img  alt=\"1\" width=\"200\" height=\"150\" class=\"lws-optimize-lazyload\" data-src=\"pictos\/W124-T_59.jpg\"><\/div>\n<\/td>\n<td>\n<div><img  alt=\"1\" width=\"200\" height=\"151\" class=\"lws-optimize-lazyload\" data-src=\"pictos\/W124-AMG-E36.jpg\"><\/div>\n<\/td>\n<\/tr>\n<\/tbody>\n<\/table>\n<\/td>\n<\/tr>\n<tr>\n<td align=\"left\" valign=\"top\">\n<div class=\"Style5\" style=\"text-align: justify;\">Si la 500E savait rester sage malgr\u00e9 ses 326ch, les pr\u00e9parateurs AMG et Brabus ont litt\u00e9ralement fait parler la poudre avec leurs W124 explosives.<\/div>\n<\/td>\n<\/tr>\n<tr>\n<td align=\"left\" valign=\"top\">\n<table style=\"width: 100%;\" cellspacing=\"2\" cellpadding=\"0\">\n<tbody>\n<tr>\n<td width=\"33%\">\n<div><img  alt=\"1\" width=\"199\" height=\"130\" class=\"lws-optimize-lazyload\" data-src=\"w124\/4x4.jpg\"><\/div>\n<\/td>\n<td width=\"34%\">\n<div><img  alt=\"11\" width=\"250\" height=\"130\" class=\"lws-optimize-lazyload\" data-src=\"w124\/01.jpg\"><\/div>\n<\/td>\n<td width=\"33%\">\n<div><img  alt=\"1\" width=\"250\" height=\"130\" class=\"lws-optimize-lazyload\" data-src=\"w124\/x124hears3.jpg\"><\/div>\n<\/td>\n<\/tr>\n<tr>\n<td class=\"Style5\" style=\"text-align: justify;\" colspan=\"3\">Le <a href=\"tuning.php\" target=\"_self\" rel=\"noopener\"><span style=\"text-decoration: underline;\">tuning<\/span><\/a> n&rsquo;a bien entendu pas oubli\u00e9 la 124, voici quelques exemplaires qui apportent une autre dimension \u00e0 la 124 dessin\u00e9e par Bruno Sacco<\/td>\n<\/tr>\n<\/tbody>\n<\/table>\n<\/td>\n<\/tr>\n<\/tbody>\n<\/table>\n<h3>w124 un pass\u00e9 toujours pr\u00e9sent&#8230;<\/h3>\n<table cellspacing=\"2\" cellpadding=\"0\" align=\"center\">\n<tbody>\n<tr>\n<td width=\"100%\">\n<div>\n<table style=\"width: 100%;\" cellspacing=\"2\" cellpadding=\"0\">\n<tbody>\n<tr>\n<td width=\"51%\">\n<div><img  alt=\"1\" width=\"415\" height=\"134\" class=\"lws-optimize-lazyload\" data-src=\"w124\/gamme.jpg\"><\/div>\n<\/td>\n<td width=\"49%\">\n<div><img  alt=\"1\" width=\"293\" height=\"134\" class=\"lws-optimize-lazyload\" data-src=\"w124\/w140_1.jpg\"><\/div>\n<\/td>\n<\/tr>\n<tr>\n<td colspan=\"2\">\n<div class=\"Style5\" style=\"text-align: justify;\">Sur ces illustrations on peut d\u00e9couvrir la gamme des berlines de Mercedes-Benz des ann\u00e9es 85\/90. A gauche les W201, W124 et W126, \u00e0 droite la W140 qui a remplac\u00e9 la W126. Elle reprend la forme initi\u00e9e par les W201 et W124 mais en beaucoup plus massive.<\/div>\n<\/td>\n<\/tr>\n<\/tbody>\n<\/table>\n<\/div>\n<\/td>\n<\/tr>\n<\/tbody>\n<\/table>\n<table border=\"0\" cellspacing=\"0\" cellpadding=\"0\" align=\"center\">\n<tbody>\n<tr>\n<td width=\"507\">\n<div><img  alt=\"1\" width=\"320\" height=\"189\" class=\"lws-optimize-lazyload\" data-src=\"w124\/gamme95.jpg\"><\/div>\n<\/td>\n<td>\n<div><img  alt=\"1\" width=\"310\" height=\"189\" class=\"lws-optimize-lazyload\" data-src=\"w124\/Taxi210_124.jpg\"><\/div>\n<\/td>\n<\/tr>\n<\/tbody>\n<\/table>\n<table border=\"0\" cellspacing=\"0\" cellpadding=\"0\" align=\"center\">\n<tbody>\n<tr>\n<td>\n<div class=\"Style5\" style=\"text-align: justify;\">Au milieu des ann\u00e9es 90 Mercedes-Benz donne un coup de jeune a sa gamme avec un restylage qui harmonise les Classes S, E et C. Le mill\u00e9sime 1996 n&rsquo;existera pas pour les 124 il sonne la fin de leur production (1997 pour le cabriolet) et l&rsquo;arriv\u00e9e des w210 charg\u00e9es d&rsquo;assurer la rel\u00e8ve (non sans difficult\u00e9es). Les 124 ont permis au constructeur de r\u00e9ussir le pari de relancer ses activit\u00e9s et renouer enfin avec les succ\u00e8s commerciaux gr\u00e2ce \u00e0 une fiabilit\u00e9 exemplaire et une qualit\u00e9 de fabrication qui fait aujourd&rsquo;hui encore r\u00e9f\u00e9rence. C&rsquo;est ainsi que l&rsquo;avenir peut se pr\u00e9parer avec une gamme qui comporte \u00e0 pr\u00e9sent plus d&rsquo;une vingtaine de ch\u00e2ssis diff\u00e9rents.<\/div>\n<\/td>\n<\/tr>\n<\/tbody>\n<\/table>\n<table cellspacing=\"2\" cellpadding=\"0\" align=\"center\">\n<tbody>\n<tr>\n<td width=\"32%\">\n<div><img  alt=\"1\" width=\"224\" height=\"225\" class=\"lws-optimize-lazyload\" data-src=\"w124\/E_evolution1.jpg\"><\/div>\n<\/td>\n<td width=\"31%\">\n<div><img  alt=\"1\" width=\"224\" height=\"225\" class=\"lws-optimize-lazyload\" data-src=\"w124\/E_evolution2.jpg\"><\/div>\n<\/td>\n<td width=\"37%\">\n<div><img  alt=\"1\" width=\"339\" height=\"225\" class=\"lws-optimize-lazyload\" data-src=\"w124\/T_evolution.jpg\"><\/div>\n<\/td>\n<\/tr>\n<\/tbody>\n<\/table>\n<table border=\"0\" cellspacing=\"0\" cellpadding=\"0\" align=\"center\">\n<tbody>\n<tr>\n<td class=\"Style5\" align=\"left\" valign=\"top\">\n<div style=\"text-align: center;\"><span style=\"font-size: medium;\"><strong>la Mercedes la plus fiable de l\u2019\u00e9poque moderne<\/strong> <\/span><\/div>\n<\/td>\n<\/tr>\n<tr>\n<td class=\"Style5\" align=\"left\" valign=\"top\">\n<div style=\"text-align: justify;\">Les 124 s&rsquo;inscrivent parfaitement dans l&rsquo;histoire de la berline de la classe moyenne du constructeur allemand. Elles ont marqu\u00e9 les d\u00e9buts de l&rsquo;informatisation de Mercedes-Benz pr\u00e9parant la marque aux nouveaux d\u00e9fis du 21\u00e8me si\u00e8cle. Depuis sa pr\u00e9sentation en novembre 1984 les ann\u00e9es ont pass\u00e9 : 10 ans, 20 ans et maintenant nous c\u00e9l\u00e9brons d\u00e9j\u00e0 le 30e anniversaire. Nous vous recommandons la lecture de deux dossiers \u00e9crits par Eric BERGEROLLE pour le site Challenges.fr. Ils r\u00e9sument tr\u00e8s bien l&rsquo;histoire de la s\u00e9rie 200-300 type W124 et son r\u00f4le dans la gamme des Mercedes-Benz modernes : <a href=\"https:\/\/www.challenges.fr\/automobile\/dossiers\/mercedes-benz-200-300-w124-l-ancetre-de-la-classe-e-br-fete-ses-vingt-ans_412219\" target=\"_blank\" rel=\"noopener\">Dossier les 20 ans de la W124<\/a> &#8211; <a href=\"https:\/\/www.challenges.fr\/automobile\/dossiers\/mercedes-w124-les-30-ans-de-l-ancetre-de-la-classe-e_11976\" target=\"_blank\" rel=\"noopener\">Dossier les 30 ans de la W124<\/a>.<\/div>\n<\/td>\n<\/tr>\n<tr>\n<td align=\"left\" valign=\"top\">\n<div><img class=\"aligncenter lws-optimize-lazyload\"  alt=\"1\" data-src=\"pictos\/clefs_94_bis.gif\"><\/div>\n<\/td>\n<\/tr>\n<tr>\n<td align=\"left\" valign=\"top\"><img  alt=\"1\" width=\"1000\" height=\"270\" class=\"lws-optimize-lazyload\" data-src=\"w124\/Gamme_face.jpg\"><\/td>\n<\/tr>\n<\/tbody>\n<\/table>\n<p>&nbsp;<\/p>\n","protected":false},"excerpt":{"rendered":"<p>S\u00e9ville (Espagne) novembre 1984 Lors de la conf\u00e9rence de presse donn\u00e9e \u00e0 S\u00e9ville le 26 novembre 1984 pour la pr\u00e9sentation officielle \u00e0 la presse de la nouvelle Mercedes-Benz s\u00e9rie 200-300 (W124) \u00e9taient pr\u00e9sents les repr\u00e9sentants de la Daimler-Benz AG de l&rsquo;\u00e9poque : Dr Rudolf H\u00f6rning, membre du directoire responsable du ressort \u00ab recherche et d\u00e9veloppement <span style=\"color:#777\"> . . . &rarr; Lire tout l&rsquo;article: <a href=\"https:\/\/www.w124.org\/sitepublic\/?page_id=542\">Pr\u00e9sentation<\/a><\/span><\/p>\n","protected":false},"author":1,"featured_media":0,"parent":24,"menu_order":15,"comment_status":"closed","ping_status":"closed","template":"","meta":{"om_disable_all_campaigns":false,"_monsterinsights_skip_tracking":false,"_monsterinsights_sitenote_active":false,"_monsterinsights_sitenote_note":"","_monsterinsights_sitenote_category":0,"ngg_post_thumbnail":0,"footnotes":""},"class_list":["post-542","page","type-page","status-publish","hentry","odd"],"aioseo_notices":[],"_links":{"self":[{"href":"https:\/\/www.w124.org\/sitepublic\/index.php?rest_route=\/wp\/v2\/pages\/542","targetHints":{"allow":["GET"]}}],"collection":[{"href":"https:\/\/www.w124.org\/sitepublic\/index.php?rest_route=\/wp\/v2\/pages"}],"about":[{"href":"https:\/\/www.w124.org\/sitepublic\/index.php?rest_route=\/wp\/v2\/types\/page"}],"author":[{"embeddable":true,"href":"https:\/\/www.w124.org\/sitepublic\/index.php?rest_route=\/wp\/v2\/users\/1"}],"replies":[{"embeddable":true,"href":"https:\/\/www.w124.org\/sitepublic\/index.php?rest_route=%2Fwp%2Fv2%2Fcomments&post=542"}],"version-history":[{"count":101,"href":"https:\/\/www.w124.org\/sitepublic\/index.php?rest_route=\/wp\/v2\/pages\/542\/revisions"}],"predecessor-version":[{"id":9370,"href":"https:\/\/www.w124.org\/sitepublic\/index.php?rest_route=\/wp\/v2\/pages\/542\/revisions\/9370"}],"up":[{"embeddable":true,"href":"https:\/\/www.w124.org\/sitepublic\/index.php?rest_route=\/wp\/v2\/pages\/24"}],"wp:attachment":[{"href":"https:\/\/www.w124.org\/sitepublic\/index.php?rest_route=%2Fwp%2Fv2%2Fmedia&parent=542"}],"curies":[{"name":"wp","href":"https:\/\/api.w.org\/{rel}","templated":true}]}}