{"id":67,"date":"2010-08-14T15:29:50","date_gmt":"2010-08-14T13:29:50","guid":{"rendered":"http:\/\/www.w124.org\/sitepublic\/blog\/?page_id=67"},"modified":"2026-03-06T11:33:40","modified_gmt":"2026-03-06T10:33:40","slug":"infos-legales","status":"publish","type":"page","link":"https:\/\/www.w124.org\/sitepublic\/?page_id=67","title":{"rendered":"Infos l\u00e9gales"},"content":{"rendered":"<p style=\"text-align: justify;\"><a href=\"\/sitepublic\/wp-content\/uploads\/2010\/08\/logoamicale.png\"><img class=\"size-full wp-image-89 alignleft lws-optimize-lazyload\" title=\"logoamicale\"  alt=\"\" width=\"240\" height=\"180\" data-src=\"\/sitepublic\/wp-content\/uploads\/2010\/08\/logoamicale.png\" srcset=\"https:\/\/www.w124.org\/sitepublic\/wp-content\/uploads\/2010\/08\/logoamicale.png 240w, https:\/\/www.w124.org\/sitepublic\/wp-content\/uploads\/2010\/08\/logoamicale-150x112.png 150w\" sizes=\"(max-width: 240px) 100vw, 240px\" \/><\/a><\/p>\n<p style=\"text-align: justify;\">L&rsquo;Amicale des Mercedes W124 est une association loi 1901 fond\u00e9e par H\u00e9l\u00e8ne et Fr\u00e9d\u00e9rick GUERIN et qui a pour vocation d&rsquo;informer et rassembler les adeptes (propri\u00e9taires ou non) des Mercedes-Benz\u00ae 200 \u00e0 500 du type 124 en \u00e9tat d&rsquo;origine.<\/p>\n<p>&#8211; 19 juillet 2005 : cr\u00e9ation d\u00e9clar\u00e9e \u00e0 la sous-pr\u00e9fecture des Yvelines (n\u00b0 0783012484) et publi\u00e9e au Journal Officiel n\u00b020050033 du 13 ao\u00fbt 2005 SIRET 509 535 977 00011 code APE 9499Z.<\/p>\n<p>&#8211; 24 d\u00e9cembre 2019 : modification \u00ab\u00a0DIRIGEANTS, SIEGE\u00a0\u00bb d\u00e9clar\u00e9e \u00e0 la sous-pr\u00e9fecture de Ch\u00e2teau-Gontier-sur-Mayenne (53) suite \u00e0 l&rsquo;Assembl\u00e9e G\u00e9n\u00e9rale du 1er d\u00e9cembre 2019 au cours de laquelle le si\u00e8ge social du club a \u00e9t\u00e9 d\u00e9plac\u00e9 en Mayenne (53) sur la commune de Laval, le num\u00e9ro RNA de l&rsquo;association devenant alors W783011088.<\/p>\n<p>&#8211; 5 avril 2022 : modification \u00ab\u00a0DIRIGEANTS, SIEGE\u00a0\u00bb d\u00e9clar\u00e9e \u00e0 la sous-pr\u00e9fecture de Ch\u00e2teau-Gontier-sur-Mayenne (53) suite \u00e0 l&rsquo;Assembl\u00e9e G\u00e9n\u00e9rale du 26 f\u00e9vrier 2022 au cours de laquelle le si\u00e8ge social du club a \u00e9t\u00e9 d\u00e9plac\u00e9 dans les Yvelines (78) sur la commune de Montesson.<\/p>\n<p>&#8211; 18 juin 2024 : modification du SIRET qui devient 509 535 977 00029 suite au si\u00e8ge social situ\u00e9 \u00e0 Montesson (78).<\/p>\n<p>&#8211; 1<sup>er<\/sup> mars 2026 : l&rsquo;Assembl\u00e9e g\u00e9n\u00e9rale \u00ab\u00a02025\u00a0\u00bb d\u00e9cide de domicilier le si\u00e8ge social sur la commune du V\u00e9sinet (78).<\/p>\n<p>Les sites de l&rsquo;Amicale qui correspondent aux noms de domaines \u00ab\u00a0w124.org\u00a0\u00bb et \u00ab\u00a0amicalew124.org\u00a0\u00bb sont sous la responsabilit\u00e9 \u00e9ditoriale du conseil d&rsquo;administration de l&rsquo;association. Le forum du club est r\u00e9serv\u00e9 aux adh\u00e9rents.<\/p>\n<p style=\"text-align: justify;\">Les logos, marques et marques d\u00e9pos\u00e9es ainsi que les illustrations et photographies qui composent les sites internet du club sont la propri\u00e9t\u00e9 de leurs d\u00e9tenteurs respectifs. La pr\u00e9sentation et le contenu de ce site sont prot\u00e9g\u00e9s par la l\u00e9gislation sur la propri\u00e9t\u00e9 intellectuelle, sur les dessins et mod\u00e8les et sur les marques. Mercedes-Benz\u00ae est une marque d\u00e9pos\u00e9e du groupe Daimler. L&rsquo;Amicale est ind\u00e9pendante de la marque Mercedes-Benz\u00ae et du groupe Daimler.<\/p>\n<p>Ce site et son forum sont d\u00e9clar\u00e9s \u00e0 la CNIL depuis le 05 mars 2005 sous le N\u00b0 1079346. Le nom de domaine w124.org est&nbsp; la propri\u00e9t\u00e9 du club depuis le 10 novembre 2004. La soci\u00e9t\u00e9 OVH h\u00e9berge la totalit\u00e9 de nos sites internet.<\/p>\n<p><strong>L&rsquo;Amicale des Mercedes W124 est membre affili\u00e9 n\u00b01086 de la F\u00e9d\u00e9ration Fran\u00e7aise des V\u00e9hicules d\u2019\u00c9poque.<\/strong><\/p>\n<p style=\"text-align: justify;\">Les activit\u00e9s et services \u00e9num\u00e9r\u00e9s sont r\u00e9serv\u00e9s aux adh\u00e9rents du club \u00e0 jour du paiement de leur cotisation annuelle. Nous ne r\u00e9pondons pas aux demandes d&rsquo;assistance m\u00e9canique venant de personnes ext\u00e9rieures \u00e0 l&rsquo;Amicale. Ce Club est r\u00e9git selon les termes des associations loi 1901 \u00e0 but non lucratif. Il n&rsquo;a donc aucun lien commercial avec Mercedes-Benz France\u00ae. Les pages de ce site sont simplement propos\u00e9es \u00e0 toute personne d\u00e9sirant les consulter pour son plaisir personnel.<\/p>\n<p style=\"text-align: justify;\">La gestion administrative du club est confi\u00e9e \u00e0 une \u00e9quipe de b\u00e9n\u00e9voles \u00e9lus pour un mandat de 2 ans reconductible. Les 2 fondateurs sont \u00e9galement membres du conseil avec un mandat permanent. Les \u00e9lections ont lieu lors de l&rsquo;assembl\u00e9e g\u00e9n\u00e9rale du club qui se d\u00e9roule g\u00e9n\u00e9ralement le dernier week-end de novembre ou le premier week-end de d\u00e9cembre. C&rsquo;est un suffrage direct \u00e0 la majorit\u00e9 des voix exprim\u00e9es par vote \u00e9lectronique et\/ou \u00e0 main lev\u00e9e.<\/p>\n<p style=\"text-align: justify;\"><strong><br \/>\nLes membres du conseil d&rsquo;administration pour 2026-2027&nbsp; :<\/strong><\/p>\n<p><a href=\"\/sitepublic\/wp-content\/uploads\/2023\/02\/CA_2023b.jpg\"><img class=\"aligncenter wp-image-8510 size-full lws-optimize-lazyload\"  alt=\"\" width=\"479\" height=\"109\" data-src=\"\/sitepublic\/wp-content\/uploads\/2023\/02\/CA_2023b.jpg\" srcset=\"https:\/\/www.w124.org\/sitepublic\/wp-content\/uploads\/2023\/02\/CA_2023b.jpg 479w, https:\/\/www.w124.org\/sitepublic\/wp-content\/uploads\/2023\/02\/CA_2023b-250x57.jpg 250w, https:\/\/www.w124.org\/sitepublic\/wp-content\/uploads\/2023\/02\/CA_2023b-300x68.jpg 300w, https:\/\/www.w124.org\/sitepublic\/wp-content\/uploads\/2023\/02\/CA_2023b-150x34.jpg 150w, https:\/\/www.w124.org\/sitepublic\/wp-content\/uploads\/2023\/02\/CA_2023b-400x91.jpg 400w\" sizes=\"(max-width: 479px) 100vw, 479px\" \/><\/a><\/p>\n<table style=\"border-collapse: collapse; width: 100%;\" border=\"1\">\n<tbody>\n<tr>\n<td style=\"width: 50%; text-align: center;\"><strong>Fonction<\/strong><\/td>\n<td style=\"width: 50%; text-align: center;\"><strong>Pr\u00e9nom et NOM<\/strong><\/td>\n<\/tr>\n<tr>\n<td style=\"width: 50%; text-align: center;\">Pr\u00e9sident<\/td>\n<td style=\"width: 50%; text-align: center;\">Marc ORLU<\/td>\n<\/tr>\n<tr>\n<td style=\"width: 50%; text-align: center;\">Vice-Pr\u00e9sident<\/td>\n<td style=\"width: 50%; text-align: center;\">Fr\u00e9d\u00e9ric VARAIN<\/td>\n<\/tr>\n<tr>\n<td style=\"width: 50%; text-align: center;\">Secr\u00e9taire<\/td>\n<td style=\"width: 50%; text-align: center;\">&nbsp;Jean-Manuel GUTIERREZ<\/td>\n<\/tr>\n<tr>\n<td style=\"width: 50%; text-align: center;\">Tr\u00e9sorier<\/td>\n<td style=\"width: 50%; text-align: center;\">Sylvain PASQUET<\/td>\n<\/tr>\n<tr>\n<td style=\"width: 50%; text-align: center;\">Webmaster<\/td>\n<td style=\"width: 50%; text-align: center;\">&nbsp;Jean-Manuel GUTIERREZ<\/td>\n<\/tr>\n<tr>\n<td style=\"width: 50%; text-align: center;\">Fondateurs<\/td>\n<td style=\"width: 50%; text-align: center;\">H\u00e9l\u00e8ne et Fr\u00e9d\u00e9rick GUERIN<\/td>\n<\/tr>\n<\/tbody>\n<\/table>\n<p style=\"text-align: left;\"><strong>Anciens Pr\u00e9sidents \u00e9lus :<br \/>\n<\/strong><\/p>\n<table style=\"width: 100%; border-collapse: collapse;\" border=\"1\">\n<tbody>\n<tr>\n<td style=\"text-align: center;\"><strong>Pr\u00e9nom et NOM<\/strong><\/td>\n<td style=\"text-align: center;\"><strong>Ann\u00e9es<\/strong><\/td>\n<\/tr>\n<tr>\n<td style=\"text-align: center;\">Fran\u00e7ois LANG<\/td>\n<td style=\"text-align: center;\">2022<\/td>\n<\/tr>\n<tr>\n<td style=\"text-align: center;\">Fr\u00e9d\u00e9ric PAUL \u2020<\/td>\n<td style=\"text-align: center;\">2020 &#8211; 2021<\/td>\n<\/tr>\n<tr>\n<td style=\"text-align: center;\">Fr\u00e9d\u00e9rick GUERIN<\/td>\n<td style=\"width: 50%; text-align: center;\">2005 &#8211; 2019<\/td>\n<\/tr>\n<\/tbody>\n<\/table>\n<p style=\"text-align: left;\"><strong>&nbsp;Nombre d&rsquo;adh\u00e9rents :<\/strong><\/p>\n<table style=\"width: 100%; border-collapse: collapse; height: 210px;\" border=\"1\">\n<tbody>\n<tr style=\"height: 21px;\">\n<td style=\"width: 50%; text-align: center; height: 21px;\"><strong>Ann\u00e9es<\/strong><\/td>\n<td style=\"width: 50%; text-align: center; height: 21px;\"><strong>Adh\u00e9rents<\/strong><\/td>\n<\/tr>\n<tr>\n<td style=\"width: 50%; height: 21px;  text-align: center;\">2025<\/td>\n<td style=\"width: 50%; height: 21px;  text-align: center;\">377<\/td>\n<\/tr>\n<tr>\n<td style=\"width: 50%; height: 21px;  text-align: center;\">2024<\/td>\n<td style=\"width: 50%; height: 21px;  text-align: center;\">347<\/td>\n<\/tr>\n<tr>\n<td style=\"width: 50%; height: 21px;  text-align: center;\">2023<\/td>\n<td style=\"width: 50%; height: 21px;  text-align: center;\">330<\/td>\n<\/tr>\n<tr>\n<td style=\"width: 50%; height: 21px;  text-align: center;\">2022<\/td>\n<td style=\"width: 50%; height: 21px;  text-align: center;\">312<\/td>\n<\/tr>\n<tr style=\"height: 21px;\">\n<td style=\"width: 50%; height: 21px; text-align: center;\">2021<\/td>\n<td style=\"width: 50%; height: 21px; text-align: center;\">292<\/td>\n<\/tr>\n<tr style=\"height: 21px;\">\n<td style=\"width: 50%; height: 21px; text-align: center;\">2020<\/td>\n<td style=\"width: 50%; height: 21px; text-align: center;\">331<\/td>\n<\/tr>\n<tr style=\"height: 21px;\">\n<td style=\"width: 50%; height: 21px; text-align: center;\">2019<\/td>\n<td style=\"width: 50%; height: 21px; text-align: center;\">368<\/td>\n<\/tr>\n<tr style=\"height: 21px;\">\n<td style=\"width: 50%; height: 21px; text-align: center;\">2018<\/td>\n<td style=\"width: 50%; height: 21px; text-align: center;\">386<\/td>\n<\/tr>\n<tr style=\"height: 21px;\">\n<td style=\"width: 50%; height: 21px; text-align: center;\">2017<\/td>\n<td style=\"width: 50%; height: 21px; text-align: center;\">373<\/td>\n<\/tr>\n<tr style=\"height: 21px;\">\n<td style=\"width: 50%; height: 21px; text-align: center;\">2016<\/td>\n<td style=\"width: 50%; height: 21px; text-align: center;\">377<\/td>\n<\/tr>\n<tr style=\"height: 21px;\">\n<td style=\"width: 50%; height: 21px; text-align: center;\">2015<\/td>\n<td style=\"width: 50%; height: 21px; text-align: center;\">374<\/td>\n<\/tr>\n<tr style=\"height: 21px;\">\n<td style=\"width: 50%; height: 21px; text-align: center;\">2014<\/td>\n<td style=\"width: 50%; height: 21px; text-align: center;\">384<\/td>\n<\/tr>\n<tr style=\"height: 21px;\">\n<td style=\"width: 50%; height: 21px; text-align: center;\">2013<\/td>\n<td style=\"width: 50%; height: 21px; text-align: center;\">337<\/td>\n<\/tr>\n<tr>\n<td style=\"width: 50%; text-align: center;\">2012<\/td>\n<td style=\"width: 50%; text-align: center;\">304<\/td>\n<\/tr>\n<tr>\n<td style=\"width: 50%; text-align: center;\">2011<\/td>\n<td style=\"width: 50%; text-align: center;\">289<\/td>\n<\/tr>\n<tr>\n<td style=\"width: 50%; text-align: center;\">2010<\/td>\n<td style=\"width: 50%; text-align: center;\">298<\/td>\n<\/tr>\n<tr>\n<td style=\"width: 50%; text-align: center;\">2009<\/td>\n<td style=\"width: 50%; text-align: center;\">307<\/td>\n<\/tr>\n<tr>\n<td style=\"width: 50%; text-align: center;\">2008<\/td>\n<td style=\"width: 50%; text-align: center;\">236<\/td>\n<\/tr>\n<tr>\n<td style=\"width: 50%; text-align: center;\">2007<\/td>\n<td style=\"width: 50%; text-align: center;\">169<\/td>\n<\/tr>\n<tr>\n<td style=\"width: 50%; text-align: center;\">2006<\/td>\n<td style=\"width: 50%; text-align: center;\">99<\/td>\n<\/tr>\n<tr>\n<td style=\"width: 50%; text-align: center;\">2005<\/td>\n<td style=\"width: 50%; text-align: center;\">49<\/td>\n<\/tr>\n<\/tbody>\n<\/table>\n<p style=\"text-align: left;\"><strong>&nbsp;<\/strong>&nbsp;<\/p>\n<p style=\"text-align: left;\"><strong>Documents officiels sur le fonctionnement de l&rsquo;Amicale :<\/strong>&nbsp; <a href=\"\/sitepublic\/amicale\/StatutsAmicaleW124_2026.pdf\" target=\"_blank\" rel=\"noopener noreferrer\">Les statuts de l&rsquo;association<\/a> &#8211; <a href=\"\/sitepublic\/amicale\/RI_AmicaleW124_2024.pdf\" target=\"_blank\" rel=\"noopener noreferrer\">le r\u00e8glement int\u00e9rieur<\/a><\/p>\n<p style=\"text-align: center;\"><span style=\"font-size: medium;\">Adresse postale du club :<\/span><\/p>\n<p style=\"text-align: center;\"><span style=\"font-size: large;\"><strong><b>Amicale des Mercedes W124<br \/>\n131 boulevard Carnot<br \/>\n78110 LE VESINET<\/b><\/strong><\/span><\/p>\n<p style=\"text-align: center;\"><strong>Pour signaler une erreur sur le site vous pouvez nous contacter par mail :<\/strong><\/p>\n<p style=\"text-align: center;\">webmaster@w124.org ou cliquer sur l&rsquo;onglet \u00ab\u00a0nous contacter\u00a0\u00bb en haut de cette page.<\/p>\n","protected":false},"excerpt":{"rendered":"<p style=\"text-align: justify;\">\n<p style=\"text-align: justify;\">L&rsquo;Amicale des Mercedes W124 est une association loi 1901 fond\u00e9e par H\u00e9l\u00e8ne et Fr\u00e9d\u00e9rick GUERIN et qui a pour vocation d&rsquo;informer et rassembler les adeptes (propri\u00e9taires ou non) des Mercedes-Benz\u00ae 200 \u00e0 500 du type 124 en \u00e9tat d&rsquo;origine.<\/p>\n<p>&#8211; 19 juillet 2005 : cr\u00e9ation d\u00e9clar\u00e9e \u00e0 la sous-pr\u00e9fecture des <span style=\"color:#777\"> . . . &rarr; Lire tout l&rsquo;article: <a href=\"https:\/\/www.w124.org\/sitepublic\/?page_id=67\">Infos l\u00e9gales<\/a><\/span><\/p>\n","protected":false},"author":1,"featured_media":0,"parent":34,"menu_order":500,"comment_status":"closed","ping_status":"closed","template":"","meta":{"om_disable_all_campaigns":false,"_monsterinsights_skip_tracking":false,"_monsterinsights_sitenote_active":false,"_monsterinsights_sitenote_note":"","_monsterinsights_sitenote_category":0,"ngg_post_thumbnail":0,"footnotes":""},"class_list":["post-67","page","type-page","status-publish","hentry","odd"],"aioseo_notices":[],"_links":{"self":[{"href":"https:\/\/www.w124.org\/sitepublic\/index.php?rest_route=\/wp\/v2\/pages\/67","targetHints":{"allow":["GET"]}}],"collection":[{"href":"https:\/\/www.w124.org\/sitepublic\/index.php?rest_route=\/wp\/v2\/pages"}],"about":[{"href":"https:\/\/www.w124.org\/sitepublic\/index.php?rest_route=\/wp\/v2\/types\/page"}],"author":[{"embeddable":true,"href":"https:\/\/www.w124.org\/sitepublic\/index.php?rest_route=\/wp\/v2\/users\/1"}],"replies":[{"embeddable":true,"href":"https:\/\/www.w124.org\/sitepublic\/index.php?rest_route=%2Fwp%2Fv2%2Fcomments&post=67"}],"version-history":[{"count":122,"href":"https:\/\/www.w124.org\/sitepublic\/index.php?rest_route=\/wp\/v2\/pages\/67\/revisions"}],"predecessor-version":[{"id":10812,"href":"https:\/\/www.w124.org\/sitepublic\/index.php?rest_route=\/wp\/v2\/pages\/67\/revisions\/10812"}],"up":[{"embeddable":true,"href":"https:\/\/www.w124.org\/sitepublic\/index.php?rest_route=\/wp\/v2\/pages\/34"}],"wp:attachment":[{"href":"https:\/\/www.w124.org\/sitepublic\/index.php?rest_route=%2Fwp%2Fv2%2Fmedia&parent=67"}],"curies":[{"name":"wp","href":"https:\/\/api.w.org\/{rel}","templated":true}]}}